{"id":1912,"date":"2017-09-25T13:45:38","date_gmt":"2017-09-25T11:45:38","guid":{"rendered":"http:\/\/gorgesdelareuse.ch\/?page_id=1912"},"modified":"2026-08-31T17:15:17","modified_gmt":"2026-08-31T15:15:17","slug":"historique","status":"publish","type":"page","link":"https:\/\/gorgesdelareuse.ch\/de\/historique\/","title":{"rendered":"{:fr}Historique{:}{:de}Historische Daten{:}"},"content":{"rendered":"<p>{:fr}<strong>Histoire<\/strong><br \/>\n<a href=\"http:\/\/www.gorgesdelareuse.ch\/docs\/Catalogue-125.pdf\" target=\"_blank\" rel=\"noopener noreferrer\"><span style=\"color: #3366ff;\">Catalogue<\/span><\/a>\u00a0de l\u2019exposition pr\u00e9sent\u00e9e lors du 125<sup>\u00e8me<\/sup>\u00a0anniversaire de la Soci\u00e9t\u00e9 des Sentiers des Gorges de l\u2019Areuse<br \/>\n<a href=\"http:\/\/www.gorgesdelareuse.ch\/docs\/iconographie.pdf\" target=\"_blank\" rel=\"noopener noreferrer\"><span style=\"color: #3366ff;\">130 ans<\/span> <span style=\"color: #3366ff;\">d&#8217;iconographie<\/span><\/a>\u00a0dans les Gorges de l&#8217;Areuse<\/p>\n<p><strong>R\u00e9cits tir\u00e9s de l&#8217;ouvrage \u00e9crit par Auguste Dubois et \u00e9dit\u00e9 en 1902<br \/>\n<\/strong><a href=\"http:\/\/gorgesdelareuse.ch\/wp-content\/uploads\/2025\/03\/SSGA-avant-gor.pdf\" target=\"_blank\" rel=\"noopener\"><span style=\"color: #3366ff;\">Avant la cr\u00e9ation<\/span><\/a> du sentier du Gor de Brayes<br \/>\n<span style=\"color: #3366ff;\"><a style=\"color: #3366ff;\" href=\"http:\/\/gorgesdelareuse.ch\/wp-content\/uploads\/2025\/03\/SSGA-societe.pdf\" target=\"_blank\" rel=\"noopener\">Cr\u00e9ation du sentier<\/a> <span style=\"color: #333333;\">du Gor de Brayes<\/span><\/span> et de la Soci\u00e9t\u00e9 des Sentiers des Gorges de l&#8217;Areuse<br \/>\n<a href=\"http:\/\/gorgesdelareuse.ch\/wp-content\/uploads\/2025\/03\/SSGA-sentiers.pdf\" target=\"_blank\" rel=\"noopener\"><span style=\"color: #3366ff;\">Autres sentiers<\/span><\/a><\/p>\n<p><strong>Quelques dates historiques<br \/>\n<\/strong><strong>1874 \u2013 1876\u00a0<\/strong> Construction du sentier du Gor de Brayes<br \/>\nInauguration le 26 septembre 1875<\/p>\n<p><strong>1878\u00a0<\/strong>\u00a0Prolongement du sentier jusqu\u2019\u00e0 Champ-du-Moulin et construction de l\u2019H\u00f4tel du Sentier des Gorges<\/p>\n<p><strong>1878 \u2013 1880<\/strong>\u00a0\u00a0Cr\u00e9ation du sentier entre Champ-du-Moulin et Noiraigue<\/p>\n<p><strong>1884<\/strong>\u00a0\u00a0Remplacement de trois ponts en bois par des passerelles en fer et cr\u00e9ation du sentier allant du pont de Vert \u00e0 la gare de Chambrelien<\/p>\n<p><strong>1886<\/strong>\u00a0\u00a0(11 juillet) Inauguration du sentier bleu (Gare de Chambrelien \u2013 Champ-du-Moulin)<\/p>\n<p><strong>1886\u00a0<\/strong>\u00a0(4 novembre) Cr\u00e9ation de la Soci\u00e9t\u00e9 des Sentiers des Gorges de l\u2019Areuse{:}{:de}<\/p>\n<ul>\n<li><strong>1874 \u2013 1876<\/strong> : Bau des Weges am Gor de Brayes<\/li>\n<li><strong>1876<\/strong>: Verl\u00e4ngerung des Weges bis Champ-du-Moulin und Bau des Hotels \u201eSentier des Gorges\u201c<\/li>\n<li><strong>1878 \u2013 1880<\/strong>: Schaffung des Wanderweges zwischen Champ-du-Moulin und Noiraigue<\/li>\n<li><strong>1884<\/strong>: Ersatz von drei Holzbr\u00fccken durch Eisenstege und Bau des Wanderweges zwischen dem Pont-de-Vert und dem Bahnhof Chambrelien<\/li>\n<li><strong>Juli 1886<\/strong>: Einweihung des geologischen Pfades \u201eSentier Bleu\u201c zwischen dem Bahnhof Chambrelien und Champ-du-Moulin<\/li>\n<li><strong>November 1886<\/strong>: Entstehung des Vereines \u201eSentiers des Gorges de l\u2019Areuse\u201c<\/li>\n<\/ul>\n<p>{:}<\/p>\n","protected":false},"excerpt":{"rendered":"<p>{:fr}<strong>Histoire<\/strong><br \/>\n<a href=\"http:\/\/www.gorgesdelareuse.ch\/docs\/Catalogue-125.pdf\" target=\"_blank\" rel=\"noopener noreferrer\"><span style=\"color: #3366ff;\">Catalogue<\/span><\/a>\u00a0de l\u2019exposition pr\u00e9sent\u00e9e lors du 125<sup>\u00e8me<\/sup>\u00a0anniversai&#8230;<\/p>\n","protected":false},"author":1,"featured_media":0,"parent":0,"menu_order":0,"comment_status":"closed","ping_status":"closed","template":"","meta":{"_et_pb_use_builder":"off","_et_pb_old_content":"","_et_gb_content_width":"","footnotes":""},"class_list":["post-1912","page","type-page","status-publish","hentry"],"translation":{"provider":"WPGlobus","version":"3.0.5","language":"de","enabled_languages":["fr","de"],"languages":{"fr":{"title":true,"content":true,"excerpt":false},"de":{"title":false,"content":true,"excerpt":false}}},"_links":{"self":[{"href":"https:\/\/gorgesdelareuse.ch\/de\/wp-json\/wp\/v2\/pages\/1912","targetHints":{"allow":["GET"]}}],"collection":[{"href":"https:\/\/gorgesdelareuse.ch\/de\/wp-json\/wp\/v2\/pages"}],"about":[{"href":"https:\/\/gorgesdelareuse.ch\/de\/wp-json\/wp\/v2\/types\/page"}],"author":[{"embeddable":true,"href":"https:\/\/gorgesdelareuse.ch\/de\/wp-json\/wp\/v2\/users\/1"}],"replies":[{"embeddable":true,"href":"https:\/\/gorgesdelareuse.ch\/de\/wp-json\/wp\/v2\/comments?post=1912"}],"version-history":[{"count":33,"href":"https:\/\/gorgesdelareuse.ch\/de\/wp-json\/wp\/v2\/pages\/1912\/revisions"}],"predecessor-version":[{"id":2843,"href":"https:\/\/gorgesdelareuse.ch\/de\/wp-json\/wp\/v2\/pages\/1912\/revisions\/2843"}],"wp:attachment":[{"href":"https:\/\/gorgesdelareuse.ch\/de\/wp-json\/wp\/v2\/media?parent=1912"}],"curies":[{"name":"wp","href":"https:\/\/api.w.org\/{rel}","templated":true}]}}